{"id":10640,"date":"2021-03-31T23:03:59","date_gmt":"2021-04-01T02:03:59","guid":{"rendered":"https:\/\/zepaiva.com\/?page_id=10640"},"modified":"2025-02-20T17:34:39","modified_gmt":"2025-02-20T17:34:39","slug":"bichos-do-sul","status":"publish","type":"page","link":"https:\/\/zepaiva.com\/en\/galerias-antiga\/bichos-do-sul\/","title":{"rendered":"Southern Animals"},"content":{"rendered":"<div class=\"wp-block-jetpack-tiled-gallery alignfull is-style-square\"><div class=\"tiled-gallery__gallery\"><div class=\"tiled-gallery__row columns-4\"><div class=\"tiled-gallery__col\"><figure class=\"tiled-gallery__item\"><img decoding=\"async\" srcset=\"https:\/\/zepaiva.wordpress.com\/wp-content\/uploads\/2021\/04\/vista04d00407.jpg?resize=600,600&#038;strip=info 600w,https:\/\/zepaiva.wordpress.com\/wp-content\/uploads\/2021\/04\/vista04d00407.jpg?resize=803,803&#038;strip=info 803w\" alt=\"\" data-height=\"803\" data-id=\"10659\" data-link=\"https:\/\/zepaiva.com\/galerias\/bichos-do-sul\/camaleao-papa-vento-enyalius-iheringi-na-trilha-do-rio-do-boi-no-interior-do-itaimbezinho-parque-nacional-de-aparados-da-serra-praia-grande-santa-catarina-brasil-3\/\" data-url=\"https:\/\/zepaiva.wordpress.com\/wp-content\/uploads\/2021\/04\/vista04d00407.jpg\" data-width=\"1200\" src=\"https:\/\/zepaiva.wordpress.com\/wp-content\/uploads\/2021\/04\/vista04d00407.jpg?resize=803%2C803\" data-amp-layout=\"responsive\" \/><\/figure><\/div><div class=\"tiled-gallery__col\"><figure class=\"tiled-gallery__item\"><img decoding=\"async\" srcset=\"https:\/\/zepaiva.wordpress.com\/wp-content\/uploads\/2021\/04\/vista04d00788.jpg?resize=600,600&#038;strip=info 600w,https:\/\/zepaiva.wordpress.com\/wp-content\/uploads\/2021\/04\/vista04d00788.jpg?resize=803,803&#038;strip=info 803w\" alt=\"\" data-height=\"803\" data-id=\"10660\" data-link=\"https:\/\/zepaiva.com\/galerias\/bichos-do-sul\/filhote-de-atoba-sula-leucogaster-na-ilha-moleque-arquipelago-de-moleques-do-sul-parque-estadual-da-serra-do-tabuleiro-florianopolis-santa-catarina-brasil-5\/\" data-url=\"https:\/\/zepaiva.wordpress.com\/wp-content\/uploads\/2021\/04\/vista04d00788.jpg\" data-width=\"1200\" src=\"https:\/\/zepaiva.wordpress.com\/wp-content\/uploads\/2021\/04\/vista04d00788.jpg?resize=803%2C803\" data-amp-layout=\"responsive\" \/><\/figure><\/div><div class=\"tiled-gallery__col\"><figure class=\"tiled-gallery__item\"><img decoding=\"async\" srcset=\"https:\/\/zepaiva.wordpress.com\/wp-content\/uploads\/2021\/04\/vista04d02756.jpg?resize=600,600&#038;strip=info 600w,https:\/\/zepaiva.wordpress.com\/wp-content\/uploads\/2021\/04\/vista04d02756.jpg?resize=803,803&#038;strip=info 803w\" alt=\"\" data-height=\"803\" data-id=\"10661\" data-link=\"https:\/\/zepaiva.com\/galerias\/bichos-do-sul\/papagaio-do-peito-roxo-amazona-vinacea-serra-da-abelha-area-de-relevante-interesse-ecologico-arie-vitor-meirelles-santa-catarina-brasil-3\/\" data-url=\"https:\/\/zepaiva.wordpress.com\/wp-content\/uploads\/2021\/04\/vista04d02756.jpg\" data-width=\"1200\" src=\"https:\/\/zepaiva.wordpress.com\/wp-content\/uploads\/2021\/04\/vista04d02756.jpg?resize=803%2C803\" data-amp-layout=\"responsive\" \/><\/figure><\/div><div class=\"tiled-gallery__col\"><figure class=\"tiled-gallery__item\"><img decoding=\"async\" srcset=\"https:\/\/zepaiva.wordpress.com\/wp-content\/uploads\/2021\/04\/vista07d10982.jpg?resize=600,600&#038;strip=info 600w,https:\/\/zepaiva.wordpress.com\/wp-content\/uploads\/2021\/04\/vista07d10982.jpg?resize=803,803&#038;strip=info 803w\" alt=\"\" data-height=\"803\" data-id=\"10662\" data-link=\"https:\/\/zepaiva.com\/galerias\/bichos-do-sul\/caranchos-polyborus-plancus-na-estacao-ecologica-do-taim-rio-grande-do-sul-brasil-3\/\" data-url=\"https:\/\/zepaiva.wordpress.com\/wp-content\/uploads\/2021\/04\/vista07d10982.jpg\" data-width=\"1200\" src=\"https:\/\/zepaiva.wordpress.com\/wp-content\/uploads\/2021\/04\/vista07d10982.jpg?resize=803%2C803\" data-amp-layout=\"responsive\" \/><\/figure><\/div><\/div><div class=\"tiled-gallery__row columns-4\"><div class=\"tiled-gallery__col\"><figure class=\"tiled-gallery__item\"><img decoding=\"async\" srcset=\"https:\/\/zepaiva.wordpress.com\/wp-content\/uploads\/2021\/04\/vista07d11126.jpg?resize=600,600&#038;strip=info 600w,https:\/\/zepaiva.wordpress.com\/wp-content\/uploads\/2021\/04\/vista07d11126.jpg?resize=803,803&#038;strip=info 803w\" alt=\"\" data-height=\"803\" data-id=\"10663\" data-link=\"https:\/\/zepaiva.com\/galerias\/bichos-do-sul\/tatu-peludo-euphractus-sexcinctus-posto-cacapava-estacao-ecologica-do-taim-rio-grande-do-sul-brasil-3\/\" data-url=\"https:\/\/zepaiva.wordpress.com\/wp-content\/uploads\/2021\/04\/vista07d11126.jpg\" data-width=\"1200\" src=\"https:\/\/zepaiva.wordpress.com\/wp-content\/uploads\/2021\/04\/vista07d11126.jpg?resize=803%2C803\" data-amp-layout=\"responsive\" \/><\/figure><\/div><div class=\"tiled-gallery__col\"><figure class=\"tiled-gallery__item\"><img decoding=\"async\" srcset=\"https:\/\/zepaiva.wordpress.com\/wp-content\/uploads\/2021\/04\/vista07d13592.jpg?resize=600,600&#038;strip=info 600w,https:\/\/zepaiva.wordpress.com\/wp-content\/uploads\/2021\/04\/vista07d13592.jpg?resize=803,803&#038;strip=info 803w\" alt=\"\" data-height=\"803\" data-id=\"10664\" data-link=\"https:\/\/zepaiva.com\/galerias\/bichos-do-sul\/perereca-hypsiboas-cf-semiguttata-canion-fortaleza-parque-nacional-da-serra-geral-cambara-do-sul-rio-grande-do-sul-brasil-3\/\" data-url=\"https:\/\/zepaiva.wordpress.com\/wp-content\/uploads\/2021\/04\/vista07d13592.jpg\" data-width=\"1200\" src=\"https:\/\/zepaiva.wordpress.com\/wp-content\/uploads\/2021\/04\/vista07d13592.jpg?resize=803%2C803\" data-amp-layout=\"responsive\" \/><\/figure><\/div><div class=\"tiled-gallery__col\"><figure class=\"tiled-gallery__item\"><img decoding=\"async\" srcset=\"https:\/\/zepaiva.wordpress.com\/wp-content\/uploads\/2021\/04\/vista07d13617.jpg?resize=600,600&#038;strip=info 600w,https:\/\/zepaiva.wordpress.com\/wp-content\/uploads\/2021\/04\/vista07d13617.jpg?resize=803,803&#038;strip=info 803w\" alt=\"\" data-height=\"803\" data-id=\"10665\" data-link=\"https:\/\/zepaiva.com\/galerias\/bichos-do-sul\/cobra-verde-das-arvores-philodryas-aestivus-canion-fortaleza-parque-nacional-da-serra-geral-cambara-do-sul-rio-grande-do-sul-brasil-6\/\" data-url=\"https:\/\/zepaiva.wordpress.com\/wp-content\/uploads\/2021\/04\/vista07d13617.jpg\" data-width=\"1200\" src=\"https:\/\/zepaiva.wordpress.com\/wp-content\/uploads\/2021\/04\/vista07d13617.jpg?resize=803%2C803\" data-amp-layout=\"responsive\" \/><\/figure><\/div><div class=\"tiled-gallery__col\"><figure class=\"tiled-gallery__item\"><img decoding=\"async\" srcset=\"https:\/\/zepaiva.wordpress.com\/wp-content\/uploads\/2021\/04\/vista07d19973.jpg?resize=600,600&#038;strip=info 600w,https:\/\/zepaiva.wordpress.com\/wp-content\/uploads\/2021\/04\/vista07d19973.jpg?resize=803,803&#038;strip=info 803w\" alt=\"\" data-height=\"803\" data-id=\"10666\" data-link=\"https:\/\/zepaiva.com\/galerias\/bichos-do-sul\/ratao-do-banhado-myocastor-coypus-cerros-verdes-area-de-protecao-ambiental-do-ibirapuita-santana-do-livramento-rio-grande-do-sul-brasil-3\/\" data-url=\"https:\/\/zepaiva.wordpress.com\/wp-content\/uploads\/2021\/04\/vista07d19973.jpg\" data-width=\"1200\" src=\"https:\/\/zepaiva.wordpress.com\/wp-content\/uploads\/2021\/04\/vista07d19973.jpg?resize=803%2C803\" data-amp-layout=\"responsive\" \/><\/figure><\/div><\/div><div class=\"tiled-gallery__row columns-4\"><div class=\"tiled-gallery__col\"><figure class=\"tiled-gallery__item\"><img decoding=\"async\" srcset=\"https:\/\/zepaiva.wordpress.com\/wp-content\/uploads\/2021\/04\/vista07d20351.jpg?resize=600,600&#038;strip=info 600w,https:\/\/zepaiva.wordpress.com\/wp-content\/uploads\/2021\/04\/vista07d20351.jpg?resize=803,803&#038;strip=info 803w\" alt=\"\" data-height=\"803\" data-id=\"10667\" data-link=\"https:\/\/zepaiva.com\/galerias\/bichos-do-sul\/perdiz-rhynchotus-rufescens-area-de-protecao-ambiental-do-ibirapuita-santana-do-livramento-rio-grande-do-sul-brasil-5\/\" data-url=\"https:\/\/zepaiva.wordpress.com\/wp-content\/uploads\/2021\/04\/vista07d20351.jpg\" data-width=\"1200\" src=\"https:\/\/zepaiva.wordpress.com\/wp-content\/uploads\/2021\/04\/vista07d20351.jpg?resize=803%2C803\" data-amp-layout=\"responsive\" \/><\/figure><\/div><div class=\"tiled-gallery__col\"><figure class=\"tiled-gallery__item\"><img decoding=\"async\" srcset=\"https:\/\/zepaiva.wordpress.com\/wp-content\/uploads\/2021\/04\/vista07d21009.jpg?resize=600,600&#038;strip=info 600w,https:\/\/zepaiva.wordpress.com\/wp-content\/uploads\/2021\/04\/vista07d21009.jpg?resize=900,900&#038;strip=info 900w,https:\/\/zepaiva.wordpress.com\/wp-content\/uploads\/2021\/04\/vista07d21009.jpg?resize=931,931&#038;strip=info 931w\" alt=\"\" data-height=\"931\" data-id=\"10668\" data-link=\"https:\/\/zepaiva.com\/galerias\/bichos-do-sul\/graxaim-do-campo-lycalopex-gymmnocercus-parque-estadual-do-espinilho-barra-do-quarai-rio-grande-do-sul-brasil-3\/\" data-url=\"https:\/\/zepaiva.wordpress.com\/wp-content\/uploads\/2021\/04\/vista07d21009.jpg\" data-width=\"1200\" src=\"https:\/\/zepaiva.wordpress.com\/wp-content\/uploads\/2021\/04\/vista07d21009.jpg?resize=931%2C931\" data-amp-layout=\"responsive\" \/><\/figure><\/div><div class=\"tiled-gallery__col\"><figure class=\"tiled-gallery__item\"><img decoding=\"async\" srcset=\"https:\/\/zepaiva.wordpress.com\/wp-content\/uploads\/2021\/04\/vista07d21442.jpg?resize=600,600&#038;strip=info 600w,https:\/\/zepaiva.wordpress.com\/wp-content\/uploads\/2021\/04\/vista07d21442.jpg?resize=900,900&#038;strip=info 900w,https:\/\/zepaiva.wordpress.com\/wp-content\/uploads\/2021\/04\/vista07d21442.jpg?resize=931,931&#038;strip=info 931w\" alt=\"\" data-height=\"931\" data-id=\"10669\" data-link=\"https:\/\/zepaiva.com\/galerias\/bichos-do-sul\/bugio-preto-alouatta-caraya-reserva-biologica-do-sao-donato-itaqui-rio-grande-do-sul-brasil-3\/\" data-url=\"https:\/\/zepaiva.wordpress.com\/wp-content\/uploads\/2021\/04\/vista07d21442.jpg\" data-width=\"1200\" src=\"https:\/\/zepaiva.wordpress.com\/wp-content\/uploads\/2021\/04\/vista07d21442.jpg?resize=931%2C931\" data-amp-layout=\"responsive\" \/><\/figure><\/div><div class=\"tiled-gallery__col\"><figure class=\"tiled-gallery__item\"><img decoding=\"async\" srcset=\"https:\/\/zepaiva.wordpress.com\/wp-content\/uploads\/2021\/04\/vista07d22647.jpg?resize=600,600&#038;strip=info 600w,https:\/\/zepaiva.wordpress.com\/wp-content\/uploads\/2021\/04\/vista07d22647.jpg?resize=803,803&#038;strip=info 803w\" alt=\"\" data-height=\"803\" data-id=\"10670\" data-link=\"https:\/\/zepaiva.com\/galerias\/bichos-do-sul\/capivaras-hydrochaeris-hydrochaeris-parque-estadual-de-itapua-viamao-rio-grande-do-sul-brasil-6\/\" data-url=\"https:\/\/zepaiva.wordpress.com\/wp-content\/uploads\/2021\/04\/vista07d22647.jpg\" data-width=\"1200\" src=\"https:\/\/zepaiva.wordpress.com\/wp-content\/uploads\/2021\/04\/vista07d22647.jpg?resize=803%2C803\" data-amp-layout=\"responsive\" \/><\/figure><\/div><\/div><\/div><\/div>\n\n\n\n<hr class=\"wp-block-separator is-style-dots\" \/>\n\n\n\n<p><\/p>\n\n\n\n<p>This project was conceived in 2013 by photographer Z\u00e9 Paiva at the invitation of Valdemir Klamt, coordinator of the education area at SESC SC. The central concept of the exhibition, a long-standing dream of Z\u00e9 Paiva, is to provide knowledge about the wild animals of southern Brazil, especially for children in the public school system, the target audience of the exhibition.<\/p>\n\n\n\n<p>A mostra \u00e9 formada pelas doze fotos acima e mais seis pain\u00e9is de textos com informa\u00e7\u00f5es sobre os animais redigidos pela bi\u00f3loga e escritora M\u00e1rcia Riederer (autora do livro \u201c<a rel=\"noreferrer noopener\" href=\"http:\/\/antroposofica.lojavirtualfc.com.br\/prod,idloja,472,idproduto,1578593,livros-literatura-infantil-animais-da-nossa-terra---marcia-riederer\" target=\"_blank\">Animals of our land<\/a>\u201c). O pr\u00f3prio Z\u00e9 fez a curadoria a partir do seu acervo. Esta exposi\u00e7\u00e3o come\u00e7ou a circular pelo estado de Santa Catarina em 2014. At\u00e9 agora j\u00e1 passou por 23 cidades e foi vista por quase 80 mil pessoas. Oscar Rivas \u00e9 o autor do design gr\u00e1fico da exposi\u00e7\u00e3o. Cada um dos pain\u00e9is de texto cont\u00e9m tamb\u00e9m uma frase do naturalista alem\u00e3o Fritz M\u00fcller, que viveu no Brasil no s\u00e9culo XIX.<\/p>\n\n\n\n<p>Esta exposi\u00e7\u00e3o come\u00e7ou a circular pelo estado de Santa Catarina em 2014. At\u00e9 agora j\u00e1 passou por 23 cidades e foi vista por quase 80 mil pessoas. <\/p>\n\n\n\n<p><a href=\"https:\/\/zepaiva.com\/en\/bichos-do-sul\/\" target=\"_blank\" rel=\"noreferrer noopener\">See here how the first exhibition went, in S\u00e3o Miguel do Oeste<\/a>, and one of the most recent, <a href=\"https:\/\/zepaiva.com\/en\/os-bichos-do-sul-voltaram\/\" target=\"_blank\" rel=\"noreferrer noopener\">in S\u00e3o Jo\u00e3o Batista.<\/a><\/p>\n\n\n\n<p>As fotografias desta galeria est\u00e3o dispon\u00edvel para venda no formato <em>fine art photographs<\/em>. Saiba mais clicando no bot\u00e3o abaixo.<\/p>\n\n\n\n<div class=\"wp-block-buttons is-layout-flex wp-block-buttons-is-layout-flex\">\n<div class=\"wp-block-button\"><a class=\"wp-block-button__link has-background\" href=\"https:\/\/zepaiva.com\/en\/fineart\/\" style=\"background-color:#659736;\">fine art photographs<\/a><\/div>\n<\/div>\n\n\n\n<hr class=\"wp-block-separator aligncenter has-text-color has-background has-cyan-bluish-gray-background-color has-cyan-bluish-gray-color is-style-dots\" \/>\n\n\n\n<h2 class=\"wp-block-heading\">Texto dO curador <\/h2>\n\n\n\n<p>Until the Renaissance, many scientists were also artists and vice versa. A well-known example was Leonardo Da Vinci (1452 \u2013 1519), a mix of scientist, mathematician, engineer, inventor, anatomist, painter, sculptor, architect, botanist, poet and musician. Especially after the Industrial Revolution, society began to increasingly specialize and thus science and art became increasingly dissociated.<\/p>\n\n\n\n<p>In this exhibition, we seek to combine the art of photography with scientific knowledge about the animals portrayed. To this end, we sought inspiration from the German naturalist Fritz M\u00fcller, who in addition to being a scientist was a poet, philosopher, teacher, doctor, farmer and excellent artist.<\/p>\n\n\n\n<p>In Brazil, we know more about African animals than about those native to our country. This exhibition seeks to fill this gap by displaying animals from the southern region: some rare, others more common, some threatened with extinction, others not, some better known, others less so, but all capable of captivating our sympathy.<\/p>\n\n\n\n<p>All animals are part of an immense web called nature, which is not something dissociated from our world, whether we live in urban areas or not. On the contrary, all the balance of life on Earth depends on nature, because everything on the planet is interconnected. We call this ecology, from the Latin <em>oikos <\/em>\u2013 home and<em> logos \u2013 <\/em>study<em>, <\/em>ci\u00eancia que estuda as intera\u00e7\u00f5es entre os organismos e seu ambiente.<\/p>\n\n\n\n<p>Every animal, from the enormous whale to the tiny ant, has its role in this web of life. Our survival on the planet depends on this balance, because for life to be possible we need water, air, and food. We also have a place in this web of life, in all of our daily actions. It is urgent that we become aware of our role in this scenario and not see nature as something distant and beautiful to be only appreciated.<\/p>\n\n\n\n<p>Z\u00e9 Paiva<\/p>","protected":false},"excerpt":{"rendered":"<p>Este projeto foi concebido em 2013 pelo fot\u00f3grafo Z\u00e9 Paiva a convite de Valdemir Klamt, coordenador da \u00e1rea de educa\u00e7\u00e3o do SESC SC. O conceito central da mostra, um antigo sonho de Z\u00e9 Paiva, \u00e9 proporcionar o conhecimento dos animais silvestres do sul do Brasil, principalmente para as crian\u00e7as da rede escolar, p\u00fablico alvo da &hellip; <a href=\"https:\/\/zepaiva.com\/en\/galerias-antiga\/bichos-do-sul\/\" class=\"more-link\">Continue reading <span class=\"screen-reader-text\">Southern Animals<\/span> <span class=\"meta-nav\">&rarr;<\/span><\/a><\/p>","protected":false},"author":1,"featured_media":0,"parent":9846,"menu_order":1,"comment_status":"closed","ping_status":"closed","template":"","meta":{"footnotes":""},"class_list":["post-10640","page","type-page","status-publish","hentry"],"jetpack_sharing_enabled":true,"_links":{"self":[{"href":"https:\/\/zepaiva.com\/en\/wp-json\/wp\/v2\/pages\/10640","targetHints":{"allow":["GET"]}}],"collection":[{"href":"https:\/\/zepaiva.com\/en\/wp-json\/wp\/v2\/pages"}],"about":[{"href":"https:\/\/zepaiva.com\/en\/wp-json\/wp\/v2\/types\/page"}],"author":[{"embeddable":true,"href":"https:\/\/zepaiva.com\/en\/wp-json\/wp\/v2\/users\/1"}],"replies":[{"embeddable":true,"href":"https:\/\/zepaiva.com\/en\/wp-json\/wp\/v2\/comments?post=10640"}],"version-history":[{"count":2,"href":"https:\/\/zepaiva.com\/en\/wp-json\/wp\/v2\/pages\/10640\/revisions"}],"predecessor-version":[{"id":16413,"href":"https:\/\/zepaiva.com\/en\/wp-json\/wp\/v2\/pages\/10640\/revisions\/16413"}],"up":[{"embeddable":true,"href":"https:\/\/zepaiva.com\/en\/wp-json\/wp\/v2\/pages\/9846"}],"wp:attachment":[{"href":"https:\/\/zepaiva.com\/en\/wp-json\/wp\/v2\/media?parent=10640"}],"curies":[{"name":"wp","href":"https:\/\/api.w.org\/{rel}","templated":true}]}}