{"id":728,"date":"2011-01-17T11:23:33","date_gmt":"2011-01-17T14:23:33","guid":{"rendered":"http:\/\/zepaiva.wordpress.com\/?page_id=728"},"modified":"2025-02-20T17:29:53","modified_gmt":"2025-02-20T17:29:53","slug":"agenda","status":"publish","type":"page","link":"https:\/\/zepaiva.com\/en\/agenda\/","title":{"rendered":"Expeditions &amp; Workshops"},"content":{"rendered":"<p>Nossa expedi\u00e7\u00f5es fotogr\u00e1ficas s\u00e3o realizadas em grupos pequenos de no m\u00e1ximo 12 pessoas, sempre acompanhadas pelo fot\u00f3grafo Z\u00e9 Paiva, com 40 anos de experi\u00eancia profissional (<a href=\"https:\/\/zepaiva.com\/en\/biografia\/\" target=\"_blank\" rel=\"noopener noreferrer\"><strong>veja a biografia<\/strong><\/a>). O roteiro \u00e9 todo planejado minuciosamente para proporcionar as melhores condi\u00e7\u00f5es para fotografar em lugares escolhidos a dedo. Al\u00e9m disso voc\u00ea vai conhecer (e provar) o melhor da cultura e da gastronomia local.<\/p>\n\n\n\n<p>Clique<a href=\"https:\/\/zepaiva.com\/en\/agenda\/depoimentos\/\" target=\"_blank\" rel=\"noreferrer noopener\"> aqui para ver os depoimentos de quem j\u00e1 viajou conosco.<\/a><\/p>\n\n\n\n<hr class=\"wp-block-separator has-css-opacity is-style-dots\" \/>\n\n\n\n<p>Este ano tivemos uma expedi\u00e7\u00e3o fotogr\u00e1fica nacional no primeiro semestre: Jalap\u00e3o (em breve um post sobre essa viagem), e teremos uma expedi\u00e7\u00e3o internacional, para o Ladakh &#8211; \u00cdndia, no segundo semestre.<\/p>\n\n\n\n<hr class=\"wp-block-separator has-alpha-channel-opacity is-style-dots\" \/>\n\n\n\n<p>Este ano teremos nossa <strong>primeira expedi\u00e7\u00e3o fotogr\u00e1fica internacional<\/strong> que ser\u00e1 para o Ladakh, uma regi\u00e3o ao norte da \u00cdndia, na cordilheira dos Himalaias. Um lugar incr\u00edvel com muitos mosteiros budistas, rios, lagos, dunas e vilarejos. Tudo cercado pelas duas maiores cadeias de montanhas do mundo, os Himalaias e o Karakoram, e temperado pela cultura Ladakhi. <strong>Veja todos os detalhes clicando na imagem abaixo<\/strong><\/p>\n\n\n\n<figure class=\"wp-block-image size-large\"><a href=\"https:\/\/zepaiva.com\/en\/2024\/04\/02\/expedicao-fotografica-ladakh\/\" target=\"_blank\" rel=\" noreferrer noopener\"><img decoding=\"async\" src=\"https:\/\/zepaiva.wordpress.com\/wp-content\/uploads\/2024\/04\/agenda-1.png?w=1080\" alt=\"\" class=\"wp-image-13755\" \/><\/a><\/figure>\n\n\n\n<hr class=\"wp-block-separator has-alpha-channel-opacity is-style-dots\" \/>\n\n\n\n<p>Vale lembrar que n\u00e3o existe nenhum pr\u00e9-requisito para fazer uma expedi\u00e7\u00e3o fotogr\u00e1fica. Pode ser com qualquer c\u00e2mera (at\u00e9 de celular) e qualquer n\u00edvel de conhecimento de fotografia. Basta voc\u00ea gostar de viagens, natureza e fotografia. Voc\u00ea ter\u00e1 a orienta\u00e7\u00e3o do experiente fot\u00f3grafo Z\u00e9 Paiva durante toda a viagem.<\/p>\n\n\n\n<div class=\"wp-block-buttons is-layout-flex wp-block-buttons-is-layout-flex\">\n<div class=\"wp-block-button is-style-fill\"><a class=\"wp-block-button__link has-white-color has-text-color has-background wp-element-button\" href=\"https:\/\/zepaiva.com\/en\/agenda\/perguntas-frequentes\/\" style=\"background-color:#9b390f\" target=\"_blank\" rel=\"noreferrer noopener\">Tire suas d\u00favidas clicando aqui<\/a><\/div>\n<\/div>\n\n\n\n<hr class=\"wp-block-separator has-alpha-channel-opacity is-style-dots\" \/>\n\n\n\n<figure class=\"wp-block-image size-large\"><a href=\"https:\/\/cebb.org.br\/fotografia-contemplativa\/\" target=\"_blank\" rel=\" noreferrer noopener\"><img decoding=\"async\" src=\"https:\/\/zepaiva.com\/wp-content\/uploads\/2024\/07\/whatsapp-image-2024-07-24-at-21.33.55.jpeg?w=1080\" alt=\"\" class=\"wp-image-14211\" \/><\/a><\/figure>\n\n\n\n<hr class=\"wp-block-separator has-alpha-channel-opacity is-style-dots\" \/>\n\n\n\n<div class=\"wp-block-buttons is-layout-flex wp-block-buttons-is-layout-flex\">\n<div class=\"wp-block-button\"><a class=\"wp-block-button__link has-background wp-element-button\" href=\"https:\/\/cebb.org.br\/fotografia-contemplativa\/\" style=\"background-color:#276ca2\" target=\"_blank\" rel=\"noreferrer noopener\">clique aqui para saber mais sobre a oficina<\/a><\/div>\n<\/div>\n\n\n\n<p><\/p>\n\n\n\n<p>Al\u00e9m das expedi\u00e7\u00f5es oferecemos a oficina de fotografia contemplativa, que mistura fotografia com medita\u00e7\u00e3o. Vejam como foi a<a href=\"https:\/\/zepaiva.com\/en\/como-foi-a-oficina-de-fotografia-contemplativa-2022\/\" target=\"_blank\" rel=\"noreferrer noopener\"><strong> oficina de 2022 clicando aqui!<\/strong><\/a><\/p>\n\n\n\n<p>A primeira turma de 2023  aconteceu de 17 a 19 de mar\u00e7o e foi no centro budista CEBB Sukhavati no modo h\u00edbrido (online + presencial) em Quatro Barras PR.  <a href=\"https:\/\/zepaiva.com\/en\/fotografia-contemplativa-no-sukhavati\/\" target=\"_blank\" rel=\"noreferrer noopener\">Veja aqui como foi.<\/a><\/p>\n\n\n\n<p><\/p>","protected":false},"excerpt":{"rendered":"<p>Nossa expedi\u00e7\u00f5es fotogr\u00e1ficas s\u00e3o realizadas em grupos pequenos de no m\u00e1ximo 12 pessoas, sempre acompanhadas pelo fot\u00f3grafo Z\u00e9 Paiva, com 40 anos de experi\u00eancia profissional (veja a biografia). O roteiro \u00e9 todo planejado minuciosamente para proporcionar as melhores condi\u00e7\u00f5es para fotografar em lugares escolhidos a dedo. Al\u00e9m disso voc\u00ea vai conhecer (e provar) o melhor &hellip; <a href=\"https:\/\/zepaiva.com\/en\/agenda\/\" class=\"more-link\">Continue reading <span class=\"screen-reader-text\">Expeditions &amp; Workshops<\/span> <span class=\"meta-nav\">&rarr;<\/span><\/a><\/p>","protected":false},"author":1,"featured_media":0,"parent":0,"menu_order":3,"comment_status":"open","ping_status":"closed","template":"","meta":{"footnotes":""},"class_list":["post-728","page","type-page","status-publish","hentry"],"jetpack_sharing_enabled":true,"_links":{"self":[{"href":"https:\/\/zepaiva.com\/en\/wp-json\/wp\/v2\/pages\/728","targetHints":{"allow":["GET"]}}],"collection":[{"href":"https:\/\/zepaiva.com\/en\/wp-json\/wp\/v2\/pages"}],"about":[{"href":"https:\/\/zepaiva.com\/en\/wp-json\/wp\/v2\/types\/page"}],"author":[{"embeddable":true,"href":"https:\/\/zepaiva.com\/en\/wp-json\/wp\/v2\/users\/1"}],"replies":[{"embeddable":true,"href":"https:\/\/zepaiva.com\/en\/wp-json\/wp\/v2\/comments?post=728"}],"version-history":[{"count":2,"href":"https:\/\/zepaiva.com\/en\/wp-json\/wp\/v2\/pages\/728\/revisions"}],"predecessor-version":[{"id":16403,"href":"https:\/\/zepaiva.com\/en\/wp-json\/wp\/v2\/pages\/728\/revisions\/16403"}],"wp:attachment":[{"href":"https:\/\/zepaiva.com\/en\/wp-json\/wp\/v2\/media?parent=728"}],"curies":[{"name":"wp","href":"https:\/\/api.w.org\/{rel}","templated":true}]}}